{"id":16,"date":"2020-01-17T17:54:26","date_gmt":"2020-01-17T16:54:26","guid":{"rendered":"https:\/\/www.ofg.uni-osnabrueck.de\/?page_id=16"},"modified":"2020-07-20T18:29:19","modified_gmt":"2020-07-20T16:29:19","slug":"impressum","status":"publish","type":"page","link":"https:\/\/www.ofg.uni-osnabrueck.de\/en\/impressum\/","title":{"rendered":"Impressum"},"content":{"rendered":"\n<p>Angaben gem\u00e4\u00df \u00a7 5 TMG:<\/p>\n\n\n\n<p>Universit\u00e4t Osnabr\u00fcck<br>Neuer Graben 29 \/ Schloss<br>49074 Osnabr\u00fcck<br>Tel. +49 541 969 0<br>Fax +49 541 969 4888<\/p>\n\n\n\n<p>Die Universit\u00e4t Osnabr\u00fcck ist eine K\u00f6rperschaft des \u00f6ffentlichen \nRechts. Sie wird durch die Pr\u00e4sidentin Prof. Dr. Susanne Menzel-Riedl \ngesetzlich vertreten.<\/p>\n\n\n\n<p>Zust\u00e4ndige Aufsichtsbeh\u00f6rde: Nieders\u00e4chsisches Ministerium f\u00fcr Wissenschaft und Kultur, Leibnizufer 9, 30169 Hannover<\/p>\n\n\n\n<p>Umsatzsteuer-Identifikationsnummer gem\u00e4\u00df \u00a7&nbsp;27a Umsatzsteuergesetz: DE&nbsp;154&nbsp;285&nbsp;400<\/p>\n\n\n\n<p>Verantwortlich f\u00fcr den Inhalt nach \u00a7 55 Abs. 2 RStV: <br>Osnabr\u00fccker Friedensgespr\u00e4che<br><br><strong>Redaktion &amp; Support<\/strong><br>Dr. Janina Majerczyk<br>Neuer Graben 29 \/ Schloss<br>49074 Universit\u00e4t Osnabr\u00fcck<br><a href=\"mailto:onlineredaktion@uni-osnabrueck.de\">janina.majerczyk@uni-osnabrueck.de<\/a><\/p>\n\n\n\n<p><strong>Serverbetreuung<\/strong><br>Frank Elsner, Andrea Tschentscher, Ansgar Hockmann-Stolle<br>Rechenzentrum (RZ)<br>Albrechtstra\u00dfe 28<br>49076 Universit\u00e4t Osnabr\u00fcck<\/p>\n\n\n\n<p><strong>Haftungsausschluss<\/strong><br>Die Verantwortlichen der  Universit\u00e4t Osnabr\u00fcck haben die Informationen auf den Seiten ihrer  Internetpr\u00e4senz mit gr\u00f6\u00dftm\u00f6glicher Sorgfalt zusammengestellt. Dennoch  kann die Universit\u00e4t Osnabr\u00fcck keinerlei Gew\u00e4hr f\u00fcr die Aktualit\u00e4t,  Korrektheit, Vollst\u00e4ndigkeit oder Qualit\u00e4t der bereitgestellten  Informationen und Daten \u00fcbernehmen.<\/p>\n\n\n\n<p>Daher sind Haftungsanspr\u00fcche gegen die Universit\u00e4t Osnabr\u00fcck, die \nVerantwortlichen dieser Internetseite oder die Autoren der jeweiligen \nArtikel f\u00fcr Sch\u00e4den materieller oder immaterieller Art, die auf \nm\u00f6glicherweise fehlerhaften oder unvollst\u00e4ndigen Informationen und Daten\n beruhen, ausgeschlossen, soweit nicht Vorsatz oder grobe Fahrl\u00e4ssigkeit\n vorliegt.<\/p>\n\n\n\n<p>Dies gilt auch f\u00fcr Informationen auf Internetseiten, auf die mittels \neines&nbsp; Hyperlinks verwiesen wird.&nbsp; Zum Zeitpunkt der Verlinkung war der \nInhalt frei von illegalen Inhalten. Auf die Gestaltung der gelinkten \nInternetseiten kann die Universit\u00e4t Osnabr\u00fcck keinerlei Einfluss nehmen.\n Eine st\u00e4ndige inhaltliche Kontrolle der verlinkten Seiten ist ohne das \nVorliegen konkreter Anhaltspunkte einer Rechtsverletzung dar\u00fcber hinaus \nnicht zumutbar. Der Inhalt dieser Seiten liegt daher vollst\u00e4ndig \nau\u00dferhalb des Verantwortungsbereichs der Universit\u00e4t Osnabr\u00fcck. Die \nUniversit\u00e4t Osnabr\u00fcck macht sich den Inhalt der verlinkten \nInternetseiten nicht zu eigen. F\u00fcr Sch\u00e4den, die aus fehlerhaften oder \nunvollst\u00e4ndigen Inhalten auf den mittels Link verwiesenen Internetseiten\n resultieren, haftet die Universit\u00e4t Osnabr\u00fcck, die Verantwortlichen \ndieser Internetseite bzw. die Autoren nicht.<\/p>\n\n\n\n<p><a href=\"https:\/\/www.uni-osnabrueck.de\/serviceseiten\/datenschutz\/\">Informationen zum Datenschutz<\/a><\/p>\n\n\n\n<p><strong>Hinweis zur gendergerechten Schreibweise:<\/strong><br>Zugunsten\n der leichteren Lesbarkeit und der Barrierefreiheit w\u00e4hlen \nOnlineredaktion und Pressestelle der Universit\u00e4t Osnabr\u00fcck f\u00fcr ihre \nTexte nicht durchgehend die gendergerechten Schreibweisen. Gemeint sind \ndennoch stets Personen aller m\u00f6glichen Geschlechter.<\/p>\n\n\n\n<h3 class=\"wp-block-heading\">Hinweise zu offiziellen Social-Media-Auftritten der Universit\u00e4t Osnabr\u00fcck <\/h3>\n\n\n\n<h4 class=\"wp-block-heading\"><strong>Haftungsausschluss: <\/strong><\/h4>\n\n\n\n<p><strong>Haftung f\u00fcr Inhalte<br><\/strong>Die Inhalte unserer Seiten  \nwurden mit gr\u00f6\u00dfter Sorgfalt erstellt. F\u00fcr die Richtigkeit,  \nVollst\u00e4ndigkeit und Aktualit\u00e4t der Inhalte k\u00f6nnen wir jedoch keine  \nGew\u00e4hr \u00fcbernehmen. Als K\u00f6rperschaft des \u00f6ffentlichen Rechts sind wir  \ngem\u00e4\u00df \u00a7 7 Abs.1 TMG f\u00fcr eigene Inhalte auf diesen Seiten nach den  \nallgemeinen Gesetzen verantwortlich. Nach \u00a7\u00a7 8 bis 10 TMG sind wir  \njedoch nicht verpflichtet, \u00fcbermittelte oder gespeicherte fremde  \nInformationen zu \u00fcberwachen oder nach Umst\u00e4nden zu forschen, die auf  \neine rechtswidrige T\u00e4tigkeit hinweisen. Verpflichtungen zur Entfernung  \noder Sperrung der Nutzung von Informationen nach den allgemeinen  \nGesetzen bleiben hiervon unber\u00fchrt. Eine diesbez\u00fcgliche Haftung ist  \njedoch erst ab dem Zeitpunkt der Kenntnis einer konkreten  \nRechtsverletzung m\u00f6glich. Bei Bekanntwerden von entsprechenden  \nRechtsverletzungen werden wir diese Inhalte umgehend entfernen.\n<\/p>\n\n\n\n<p><strong>Haftung f\u00fcr Links<br><\/strong>Unsere Posts enthalten Links zu\n  externen Webseiten Dritter, auf deren Inhalte wir keinen Einfluss  \nhaben. Deshalb k\u00f6nnen wir f\u00fcr diese fremden Inhalte auch keine Gew\u00e4hr  \n\u00fcbernehmen. F\u00fcr die Inhalte der verlinkten Seiten ist stets der  \njeweilige Anbieter oder Betreiber der Seiten verantwortlich. Die  \nverlinkten Seiten wurden zum Zeitpunkt der Verlinkung auf m\u00f6gliche  \nRechtsverst\u00f6\u00dfe \u00fcberpr\u00fcft. Rechtswidrige Inhalte waren zum Zeitpunkt der \n Verlinkung nicht erkennbar. Eine permanente inhaltliche Kontrolle der  \nverlinkten Seiten ist jedoch ohne konkrete Anhaltspunkte einer  \nRechtsverletzung nicht zumutbar. Bei Bekanntwerden von  \nRechtsverletzungen werden wir derartige Links umgehend entfernen.<br><br><strong>Urheberrecht<br><\/strong>Die\n  durch die Seitenbetreiber erstellten Inhalte und Werke auf diesen  \nSeiten unterliegen dem deutschen Urheberrecht. Die Vervielf\u00e4ltigung,  \nBearbeitung, Verbreitung und jede Art der Verwertung au\u00dferhalb der  \nGrenzen des Urheberrechtes bed\u00fcrfen der schriftlichen Zustimmung des  \njeweiligen Autors bzw. \nErstellers. Downloads und Kopien dieser Seite  sind nur f\u00fcr den \nprivaten, nicht kommerziellen Gebrauch gestattet.  Soweit die Inhalte \nauf dieser Seite nicht vom Betreiber erstellt wurden,  werden die \nUrheberrechte Dritter beachtet. Insbesondere werden Inhalte  Dritter als\n solche gekennzeichnet. Sollten Sie trotzdem auf eine  \nUrheberrechtsverletzung aufmerksam werden, bitten wir um einen  \nentsprechenden Hinweis. Bei Bekanntwerden von Rechtsverletzungen werden \n wir derartige Inhalte umgehend entfernen. &nbsp; &nbsp; <\/p>\n","protected":false},"excerpt":{"rendered":"<p>Universit\u00e4t Osnabr\u00fcck<br \/>\nNeuer Graben 29 \/ Schloss<br \/>\n49074 Osnabr\u00fcck<br \/>\nTel. +49 541 969 0<br \/>\nFax +49 541 969 4888<br \/>\n&#8230;<\/p>\n","protected":false},"author":2,"featured_media":0,"parent":0,"menu_order":0,"comment_status":"closed","ping_status":"closed","template":"","meta":{"footnotes":""},"class_list":["post-16","page","type-page","status-publish"],"wps_subtitle":"","_links":{"self":[{"href":"https:\/\/www.ofg.uni-osnabrueck.de\/en\/wp-json\/wp\/v2\/pages\/16","targetHints":{"allow":["GET"]}}],"collection":[{"href":"https:\/\/www.ofg.uni-osnabrueck.de\/en\/wp-json\/wp\/v2\/pages"}],"about":[{"href":"https:\/\/www.ofg.uni-osnabrueck.de\/en\/wp-json\/wp\/v2\/types\/page"}],"author":[{"embeddable":true,"href":"https:\/\/www.ofg.uni-osnabrueck.de\/en\/wp-json\/wp\/v2\/users\/2"}],"replies":[{"embeddable":true,"href":"https:\/\/www.ofg.uni-osnabrueck.de\/en\/wp-json\/wp\/v2\/comments?post=16"}],"version-history":[{"count":7,"href":"https:\/\/www.ofg.uni-osnabrueck.de\/en\/wp-json\/wp\/v2\/pages\/16\/revisions"}],"predecessor-version":[{"id":1659,"href":"https:\/\/www.ofg.uni-osnabrueck.de\/en\/wp-json\/wp\/v2\/pages\/16\/revisions\/1659"}],"wp:attachment":[{"href":"https:\/\/www.ofg.uni-osnabrueck.de\/en\/wp-json\/wp\/v2\/media?parent=16"}],"curies":[{"name":"wp","href":"https:\/\/api.w.org\/{rel}","templated":true}]}}